{"id":3591,"date":"2021-12-19T21:17:49","date_gmt":"2021-12-19T20:17:49","guid":{"rendered":"https:\/\/www.cech.nowytarg.pl\/?page_id=3591"},"modified":"2026-01-26T22:09:57","modified_gmt":"2026-01-26T21:09:57","slug":"zsb-wydarzenia","status":"publish","type":"page","link":"https:\/\/www.cech.nowytarg.pl\/index.php\/zsb-wydarzenia\/","title":{"rendered":"ZSB &#8211; WYDARZENIA"},"content":{"rendered":"\t\t<div data-elementor-type=\"wp-page\" data-elementor-id=\"3591\" class=\"elementor elementor-3591\" data-elementor-post-type=\"page\">\n\t\t\t\t\t\t\t\t\t<section data-particle_enable=\"false\" data-particle-mobile-disabled=\"false\" class=\"elementor-section elementor-top-section elementor-element elementor-element-976272c elementor-section-height-min-height elementor-section-boxed elementor-section-height-default elementor-section-items-middle\" data-id=\"976272c\" data-element_type=\"section\" data-settings=\"{&quot;background_background&quot;:&quot;gradient&quot;,&quot;shape_divider_bottom&quot;:&quot;waves&quot;}\">\n\t\t\t\t\t\t\t<div class=\"elementor-background-overlay\"><\/div>\n\t\t\t\t\t\t<div class=\"elementor-shape elementor-shape-bottom\" data-negative=\"false\">\n\t\t\t<svg xmlns=\"http:\/\/www.w3.org\/2000\/svg\" viewBox=\"0 0 1000 100\" preserveAspectRatio=\"none\">\n\t<path class=\"elementor-shape-fill\" d=\"M421.9,6.5c22.6-2.5,51.5,0.4,75.5,5.3c23.6,4.9,70.9,23.5,100.5,35.7c75.8,32.2,133.7,44.5,192.6,49.7\n\tc23.6,2.1,48.7,3.5,103.4-2.5c54.7-6,106.2-25.6,106.2-25.6V0H0v30.3c0,0,72,32.6,158.4,30.5c39.2-0.7,92.8-6.7,134-22.4\n\tc21.2-8.1,52.2-18.2,79.7-24.2C399.3,7.9,411.6,7.5,421.9,6.5z\"\/>\n<\/svg>\t\t<\/div>\n\t\t\t\t\t<div class=\"elementor-container elementor-column-gap-default\">\n\t\t\t\t\t<div class=\"elementor-column elementor-col-100 elementor-top-column elementor-element elementor-element-6b1dac23\" data-id=\"6b1dac23\" data-element_type=\"column\">\n\t\t\t<div class=\"elementor-widget-wrap elementor-element-populated\">\n\t\t\t\t\t\t\t\t<div class=\"elementor-element elementor-element-2f5a7f elementor-widget elementor-widget-heading\" data-id=\"2f5a7f\" data-element_type=\"widget\" data-widget_type=\"heading.default\">\n\t\t\t\t<div class=\"elementor-widget-container\">\n\t\t\t<h3 class=\"elementor-heading-title elementor-size-default\">Zawodowa Szko\u0142a Bran\u017cowa<\/h3>\t\t<\/div>\n\t\t\t\t<\/div>\n\t\t\t\t<div class=\"elementor-element elementor-element-1a47a70c elementor-widget elementor-widget-heading\" data-id=\"1a47a70c\" data-element_type=\"widget\" data-widget_type=\"heading.default\">\n\t\t\t\t<div class=\"elementor-widget-container\">\n\t\t\t<h1 class=\"elementor-heading-title elementor-size-default\">Wydarzenia<\/h1>\t\t<\/div>\n\t\t\t\t<\/div>\n\t\t\t\t\t<\/div>\n\t\t<\/div>\n\t\t\t\t\t\t\t<\/div>\n\t\t<\/section>\n\t\t\t\t<section data-particle_enable=\"false\" data-particle-mobile-disabled=\"false\" class=\"elementor-section elementor-top-section elementor-element elementor-element-43a1a955 elementor-section-boxed elementor-section-height-default elementor-section-height-default\" data-id=\"43a1a955\" data-element_type=\"section\">\n\t\t\t\t\t\t<div class=\"elementor-container elementor-column-gap-default\">\n\t\t\t\t\t<div class=\"elementor-column elementor-col-100 elementor-top-column elementor-element elementor-element-1fca76d8\" data-id=\"1fca76d8\" data-element_type=\"column\">\n\t\t\t<div class=\"elementor-widget-wrap elementor-element-populated\">\n\t\t\t\t\t\t\t\t<div class=\"elementor-element elementor-element-1eb53f6 elementor-grid-3 elementor-grid-tablet-2 elementor-grid-mobile-1 elementor-posts--thumbnail-top elementor-widget elementor-widget-posts\" data-id=\"1eb53f6\" data-element_type=\"widget\" data-settings=\"{&quot;pagination_type&quot;:&quot;numbers_and_prev_next&quot;,&quot;classic_columns&quot;:&quot;3&quot;,&quot;classic_columns_tablet&quot;:&quot;2&quot;,&quot;classic_columns_mobile&quot;:&quot;1&quot;,&quot;classic_row_gap&quot;:{&quot;unit&quot;:&quot;px&quot;,&quot;size&quot;:35,&quot;sizes&quot;:[]},&quot;classic_row_gap_tablet&quot;:{&quot;unit&quot;:&quot;px&quot;,&quot;size&quot;:&quot;&quot;,&quot;sizes&quot;:[]},&quot;classic_row_gap_mobile&quot;:{&quot;unit&quot;:&quot;px&quot;,&quot;size&quot;:&quot;&quot;,&quot;sizes&quot;:[]}}\" data-widget_type=\"posts.classic\">\n\t\t\t\t<div class=\"elementor-widget-container\">\n\t\t\t\t\t<div class=\"elementor-posts-container elementor-posts elementor-posts--skin-classic elementor-grid\">\n\t\t\t\t<article class=\"elementor-post elementor-grid-item post-6207 post type-post status-publish format-standard has-post-thumbnail hentry category-wydarzenia\">\n\t\t\t\t<a class=\"elementor-post__thumbnail__link\" href=\"https:\/\/www.cech.nowytarg.pl\/index.php\/2026\/03\/19\/msza-swieta-w-intencji-rzemieslnikow-i-uczniow-zsb-i-st-cechu-rzemiosl-roznych-w-nowym-targu\/\" tabindex=\"-1\" >\n\t\t\t<div class=\"elementor-post__thumbnail\"><img decoding=\"async\" loading=\"lazy\" width=\"768\" height=\"576\" src=\"https:\/\/www.cech.nowytarg.pl\/wp-content\/uploads\/2026\/03\/b9327d77-807e-49f1-8f6c-49520cac8926-1-768x576.jpeg\" class=\"attachment-medium_large size-medium_large wp-image-6211\" alt=\"\" srcset=\"https:\/\/www.cech.nowytarg.pl\/wp-content\/uploads\/2026\/03\/b9327d77-807e-49f1-8f6c-49520cac8926-1-768x576.jpeg 768w, https:\/\/www.cech.nowytarg.pl\/wp-content\/uploads\/2026\/03\/b9327d77-807e-49f1-8f6c-49520cac8926-1-300x225.jpeg 300w, https:\/\/www.cech.nowytarg.pl\/wp-content\/uploads\/2026\/03\/b9327d77-807e-49f1-8f6c-49520cac8926-1-1024x768.jpeg 1024w, https:\/\/www.cech.nowytarg.pl\/wp-content\/uploads\/2026\/03\/b9327d77-807e-49f1-8f6c-49520cac8926-1-1536x1152.jpeg 1536w, https:\/\/www.cech.nowytarg.pl\/wp-content\/uploads\/2026\/03\/b9327d77-807e-49f1-8f6c-49520cac8926-1.jpeg 2040w\" sizes=\"(max-width: 768px) 100vw, 768px\" \/><\/div>\n\t\t<\/a>\n\t\t\t\t<div class=\"elementor-post__text\">\n\t\t\t\t<h3 class=\"elementor-post__title\">\n\t\t\t<a href=\"https:\/\/www.cech.nowytarg.pl\/index.php\/2026\/03\/19\/msza-swieta-w-intencji-rzemieslnikow-i-uczniow-zsb-i-st-cechu-rzemiosl-roznych-w-nowym-targu\/\" >\n\t\t\t\tMsza \u015awi\u0119ta w intencji Rzemie\u015blnik\u00f3w i Uczni\u00f3w ZSB I st. Cechu Rzemios\u0142 R\u00f3\u017cnych w Nowym Targu\t\t\t<\/a>\n\t\t<\/h3>\n\t\t\t\t<div class=\"elementor-post__meta-data\">\n\t\t\t\t\t<span class=\"elementor-post-date\">\n\t\t\t19\/03\/2026\t\t<\/span>\n\t\t\t\t<span class=\"elementor-post-time\">\n\t\t\t14:48\t\t<\/span>\n\t\t\t\t<\/div>\n\t\t\t\t<div class=\"elementor-post__excerpt\">\n\t\t\t<p>Msza \u015awi\u0119ta w intencji Rzemie\u015blnik\u00f3w i Uczni\u00f3w Zawodowej Szko\u0142y Bran\u017cowej I stopnia Cechu Rzemios\u0142 R\u00f3\u017cnych w Nowym Targu w ko\u015bciele pw. \u015aw. Katarzyny w Nowym<\/p>\n\t\t<\/div>\n\t\t\n\t\t<a class=\"elementor-post__read-more\" href=\"https:\/\/www.cech.nowytarg.pl\/index.php\/2026\/03\/19\/msza-swieta-w-intencji-rzemieslnikow-i-uczniow-zsb-i-st-cechu-rzemiosl-roznych-w-nowym-targu\/\" aria-label=\"Read more about Msza \u015awi\u0119ta w intencji Rzemie\u015blnik\u00f3w i Uczni\u00f3w ZSB I st. Cechu Rzemios\u0142 R\u00f3\u017cnych w Nowym Targu\" tabindex=\"-1\" >\n\t\t\tCzytaj dalej \u00bb\t\t<\/a>\n\n\t\t\t\t<\/div>\n\t\t\t\t<\/article>\n\t\t\t\t<article class=\"elementor-post elementor-grid-item post-6116 post type-post status-publish format-standard has-post-thumbnail hentry category-wydarzenia\">\n\t\t\t\t<a class=\"elementor-post__thumbnail__link\" href=\"https:\/\/www.cech.nowytarg.pl\/index.php\/2025\/12\/04\/zgineli-w-gorach-poruszajacy-program-slowno-muzyczny-w-szkole-zawodowej\/\" tabindex=\"-1\" >\n\t\t\t<div class=\"elementor-post__thumbnail\"><img decoding=\"async\" loading=\"lazy\" width=\"768\" height=\"1024\" src=\"https:\/\/www.cech.nowytarg.pl\/wp-content\/uploads\/2025\/12\/IMG_3984-768x1024.jpeg\" class=\"attachment-medium_large size-medium_large wp-image-6117\" alt=\"\" srcset=\"https:\/\/www.cech.nowytarg.pl\/wp-content\/uploads\/2025\/12\/IMG_3984-768x1024.jpeg 768w, https:\/\/www.cech.nowytarg.pl\/wp-content\/uploads\/2025\/12\/IMG_3984-225x300.jpeg 225w, https:\/\/www.cech.nowytarg.pl\/wp-content\/uploads\/2025\/12\/IMG_3984-1152x1536.jpeg 1152w, https:\/\/www.cech.nowytarg.pl\/wp-content\/uploads\/2025\/12\/IMG_3984-1536x2048.jpeg 1536w, https:\/\/www.cech.nowytarg.pl\/wp-content\/uploads\/2025\/12\/IMG_3984-scaled.jpeg 1920w\" sizes=\"(max-width: 768px) 100vw, 768px\" \/><\/div>\n\t\t<\/a>\n\t\t\t\t<div class=\"elementor-post__text\">\n\t\t\t\t<h3 class=\"elementor-post__title\">\n\t\t\t<a href=\"https:\/\/www.cech.nowytarg.pl\/index.php\/2025\/12\/04\/zgineli-w-gorach-poruszajacy-program-slowno-muzyczny-w-szkole-zawodowej\/\" >\n\t\t\t\t\u201eZgin\u0119li w g\u00f3rach\u201d \u2013 poruszaj\u0105cy program s\u0142owno-muzyczny w szkole zawodowej\t\t\t<\/a>\n\t\t<\/h3>\n\t\t\t\t<div class=\"elementor-post__meta-data\">\n\t\t\t\t\t<span class=\"elementor-post-date\">\n\t\t\t04\/12\/2025\t\t<\/span>\n\t\t\t\t<span class=\"elementor-post-time\">\n\t\t\t14:46\t\t<\/span>\n\t\t\t\t<\/div>\n\t\t\t\t<div class=\"elementor-post__excerpt\">\n\t\t\t<p>W szkolnej sali uroczysto\u015bci odby\u0142o si\u0119 wyj\u0105tkowe wydarzenie \u2013 program s\u0142owno-muzyczny zatytu\u0142owany \u201eZgin\u0119li w g\u00f3rach\u201d, przygotowany przez uczni\u00f3w klasy I i III pod opiek\u0105 pana<\/p>\n\t\t<\/div>\n\t\t\n\t\t<a class=\"elementor-post__read-more\" href=\"https:\/\/www.cech.nowytarg.pl\/index.php\/2025\/12\/04\/zgineli-w-gorach-poruszajacy-program-slowno-muzyczny-w-szkole-zawodowej\/\" aria-label=\"Read more about \u201eZgin\u0119li w g\u00f3rach\u201d \u2013 poruszaj\u0105cy program s\u0142owno-muzyczny w szkole zawodowej\" tabindex=\"-1\" >\n\t\t\tCzytaj dalej \u00bb\t\t<\/a>\n\n\t\t\t\t<\/div>\n\t\t\t\t<\/article>\n\t\t\t\t<article class=\"elementor-post elementor-grid-item post-6111 post type-post status-publish format-standard has-post-thumbnail hentry category-wydarzenia\">\n\t\t\t\t<a class=\"elementor-post__thumbnail__link\" href=\"https:\/\/www.cech.nowytarg.pl\/index.php\/2025\/11\/28\/spotkanie-prewencyjne-z-przedstawicielami-policji\/\" tabindex=\"-1\" >\n\t\t\t<div class=\"elementor-post__thumbnail\"><img decoding=\"async\" loading=\"lazy\" width=\"768\" height=\"1024\" src=\"https:\/\/www.cech.nowytarg.pl\/wp-content\/uploads\/2025\/11\/IMG_3980-768x1024.jpeg\" class=\"attachment-medium_large size-medium_large wp-image-6112\" alt=\"\" srcset=\"https:\/\/www.cech.nowytarg.pl\/wp-content\/uploads\/2025\/11\/IMG_3980-768x1024.jpeg 768w, https:\/\/www.cech.nowytarg.pl\/wp-content\/uploads\/2025\/11\/IMG_3980-225x300.jpeg 225w, https:\/\/www.cech.nowytarg.pl\/wp-content\/uploads\/2025\/11\/IMG_3980-1152x1536.jpeg 1152w, https:\/\/www.cech.nowytarg.pl\/wp-content\/uploads\/2025\/11\/IMG_3980-1536x2048.jpeg 1536w, https:\/\/www.cech.nowytarg.pl\/wp-content\/uploads\/2025\/11\/IMG_3980-scaled.jpeg 1920w\" sizes=\"(max-width: 768px) 100vw, 768px\" \/><\/div>\n\t\t<\/a>\n\t\t\t\t<div class=\"elementor-post__text\">\n\t\t\t\t<h3 class=\"elementor-post__title\">\n\t\t\t<a href=\"https:\/\/www.cech.nowytarg.pl\/index.php\/2025\/11\/28\/spotkanie-prewencyjne-z-przedstawicielami-policji\/\" >\n\t\t\t\tSpotkanie prewencyjne z przedstawicielami policji\t\t\t<\/a>\n\t\t<\/h3>\n\t\t\t\t<div class=\"elementor-post__meta-data\">\n\t\t\t\t\t<span class=\"elementor-post-date\">\n\t\t\t28\/11\/2025\t\t<\/span>\n\t\t\t\t<span class=\"elementor-post-time\">\n\t\t\t14:43\t\t<\/span>\n\t\t\t\t<\/div>\n\t\t\t\t<div class=\"elementor-post__excerpt\">\n\t\t\t<p>,,Bezpiecze\u0144stwo uczni\u00f3w, przemoc i agresja wyst\u0119puj\u0105ca w \u015brodowisku szkolnym oraz Internecie i jej konsekwencje prawne\u201d to temat spotkania, kt\u00f3re mia\u0142o miejsce 24 listopada 2025. w<\/p>\n\t\t<\/div>\n\t\t\n\t\t<a class=\"elementor-post__read-more\" href=\"https:\/\/www.cech.nowytarg.pl\/index.php\/2025\/11\/28\/spotkanie-prewencyjne-z-przedstawicielami-policji\/\" aria-label=\"Read more about Spotkanie prewencyjne z przedstawicielami policji\" tabindex=\"-1\" >\n\t\t\tCzytaj dalej \u00bb\t\t<\/a>\n\n\t\t\t\t<\/div>\n\t\t\t\t<\/article>\n\t\t\t\t<article class=\"elementor-post elementor-grid-item post-6103 post type-post status-publish format-standard has-post-thumbnail hentry category-wydarzenia\">\n\t\t\t\t<a class=\"elementor-post__thumbnail__link\" href=\"https:\/\/www.cech.nowytarg.pl\/index.php\/2025\/11\/21\/dzien-11-listopada-w-naszej-szkole\/\" tabindex=\"-1\" >\n\t\t\t<div class=\"elementor-post__thumbnail\"><img decoding=\"async\" loading=\"lazy\" width=\"768\" height=\"1024\" src=\"https:\/\/www.cech.nowytarg.pl\/wp-content\/uploads\/2025\/11\/IMG_3925-768x1024.jpeg\" class=\"attachment-medium_large size-medium_large wp-image-6108\" alt=\"\" srcset=\"https:\/\/www.cech.nowytarg.pl\/wp-content\/uploads\/2025\/11\/IMG_3925-768x1024.jpeg 768w, https:\/\/www.cech.nowytarg.pl\/wp-content\/uploads\/2025\/11\/IMG_3925-225x300.jpeg 225w, https:\/\/www.cech.nowytarg.pl\/wp-content\/uploads\/2025\/11\/IMG_3925-1152x1536.jpeg 1152w, https:\/\/www.cech.nowytarg.pl\/wp-content\/uploads\/2025\/11\/IMG_3925-1536x2048.jpeg 1536w, https:\/\/www.cech.nowytarg.pl\/wp-content\/uploads\/2025\/11\/IMG_3925-scaled.jpeg 1920w\" sizes=\"(max-width: 768px) 100vw, 768px\" \/><\/div>\n\t\t<\/a>\n\t\t\t\t<div class=\"elementor-post__text\">\n\t\t\t\t<h3 class=\"elementor-post__title\">\n\t\t\t<a href=\"https:\/\/www.cech.nowytarg.pl\/index.php\/2025\/11\/21\/dzien-11-listopada-w-naszej-szkole\/\" >\n\t\t\t\tDzie\u0144 11 listopada w naszej szkole\t\t\t<\/a>\n\t\t<\/h3>\n\t\t\t\t<div class=\"elementor-post__meta-data\">\n\t\t\t\t\t<span class=\"elementor-post-date\">\n\t\t\t21\/11\/2025\t\t<\/span>\n\t\t\t\t<span class=\"elementor-post-time\">\n\t\t\t08:33\t\t<\/span>\n\t\t\t\t<\/div>\n\t\t\t\t<div class=\"elementor-post__excerpt\">\n\t\t\t<p>11 listopada to wyj\u0105tkowy dzie\u0144 w historii naszego kraju \u2013 dzie\u0144, w kt\u00f3rym Polska po 123 latach niewoli odzyska\u0142a niepodleg\u0142o\u015b\u0107. Z tej okazji w naszej<\/p>\n\t\t<\/div>\n\t\t\n\t\t<a class=\"elementor-post__read-more\" href=\"https:\/\/www.cech.nowytarg.pl\/index.php\/2025\/11\/21\/dzien-11-listopada-w-naszej-szkole\/\" aria-label=\"Read more about Dzie\u0144 11 listopada w naszej szkole\" tabindex=\"-1\" >\n\t\t\tCzytaj dalej \u00bb\t\t<\/a>\n\n\t\t\t\t<\/div>\n\t\t\t\t<\/article>\n\t\t\t\t<article class=\"elementor-post elementor-grid-item post-6079 post type-post status-publish format-standard has-post-thumbnail hentry category-wydarzenia\">\n\t\t\t\t<a class=\"elementor-post__thumbnail__link\" href=\"https:\/\/www.cech.nowytarg.pl\/index.php\/2025\/11\/07\/pamietamy-o-tych-ktorzy-odeszli\/\" tabindex=\"-1\" >\n\t\t\t<div class=\"elementor-post__thumbnail\"><img decoding=\"async\" loading=\"lazy\" width=\"768\" height=\"1024\" src=\"https:\/\/www.cech.nowytarg.pl\/wp-content\/uploads\/2025\/11\/554caca4-3662-49dc-926f-1ae9c7604dd4-768x1024.jpeg\" class=\"attachment-medium_large size-medium_large wp-image-6084\" alt=\"\" srcset=\"https:\/\/www.cech.nowytarg.pl\/wp-content\/uploads\/2025\/11\/554caca4-3662-49dc-926f-1ae9c7604dd4-768x1024.jpeg 768w, https:\/\/www.cech.nowytarg.pl\/wp-content\/uploads\/2025\/11\/554caca4-3662-49dc-926f-1ae9c7604dd4-225x300.jpeg 225w, https:\/\/www.cech.nowytarg.pl\/wp-content\/uploads\/2025\/11\/554caca4-3662-49dc-926f-1ae9c7604dd4-1152x1536.jpeg 1152w, https:\/\/www.cech.nowytarg.pl\/wp-content\/uploads\/2025\/11\/554caca4-3662-49dc-926f-1ae9c7604dd4.jpeg 1536w\" sizes=\"(max-width: 768px) 100vw, 768px\" \/><\/div>\n\t\t<\/a>\n\t\t\t\t<div class=\"elementor-post__text\">\n\t\t\t\t<h3 class=\"elementor-post__title\">\n\t\t\t<a href=\"https:\/\/www.cech.nowytarg.pl\/index.php\/2025\/11\/07\/pamietamy-o-tych-ktorzy-odeszli\/\" >\n\t\t\t\tPami\u0119tamy o tych, kt\u00f3rzy odeszli.\t\t\t<\/a>\n\t\t<\/h3>\n\t\t\t\t<div class=\"elementor-post__meta-data\">\n\t\t\t\t\t<span class=\"elementor-post-date\">\n\t\t\t07\/11\/2025\t\t<\/span>\n\t\t\t\t<span class=\"elementor-post-time\">\n\t\t\t11:36\t\t<\/span>\n\t\t\t\t<\/div>\n\t\t\t\t<div class=\"elementor-post__excerpt\">\n\t\t\t<p>Listopad to czas, w kt\u00f3rym odwiedzamy groby i wspominamy tych, kt\u00f3rzy od nas odeszli. 4 listopada 2025 r. uczniowie Naszej Szko\u0142y wraz z nauczycielami udali<\/p>\n\t\t<\/div>\n\t\t\n\t\t<a class=\"elementor-post__read-more\" href=\"https:\/\/www.cech.nowytarg.pl\/index.php\/2025\/11\/07\/pamietamy-o-tych-ktorzy-odeszli\/\" aria-label=\"Read more about Pami\u0119tamy o tych, kt\u00f3rzy odeszli.\" tabindex=\"-1\" >\n\t\t\tCzytaj dalej \u00bb\t\t<\/a>\n\n\t\t\t\t<\/div>\n\t\t\t\t<\/article>\n\t\t\t\t<article class=\"elementor-post elementor-grid-item post-6072 post type-post status-publish format-standard has-post-thumbnail hentry category-bez-kategorii category-wydarzenia\">\n\t\t\t\t<a class=\"elementor-post__thumbnail__link\" href=\"https:\/\/www.cech.nowytarg.pl\/index.php\/2025\/11\/07\/spotkanie-z-zolnierzem-wojskowe-centrum-rekrutacji\/\" tabindex=\"-1\" >\n\t\t\t<div class=\"elementor-post__thumbnail\"><img decoding=\"async\" loading=\"lazy\" width=\"768\" height=\"576\" src=\"https:\/\/www.cech.nowytarg.pl\/wp-content\/uploads\/2025\/11\/20251103_135448-1-768x576.jpg\" class=\"attachment-medium_large size-medium_large wp-image-6077\" alt=\"\" srcset=\"https:\/\/www.cech.nowytarg.pl\/wp-content\/uploads\/2025\/11\/20251103_135448-1-768x576.jpg 768w, https:\/\/www.cech.nowytarg.pl\/wp-content\/uploads\/2025\/11\/20251103_135448-1-300x225.jpg 300w, https:\/\/www.cech.nowytarg.pl\/wp-content\/uploads\/2025\/11\/20251103_135448-1-1024x768.jpg 1024w, https:\/\/www.cech.nowytarg.pl\/wp-content\/uploads\/2025\/11\/20251103_135448-1-1536x1152.jpg 1536w, https:\/\/www.cech.nowytarg.pl\/wp-content\/uploads\/2025\/11\/20251103_135448-1-2048x1536.jpg 2048w\" sizes=\"(max-width: 768px) 100vw, 768px\" \/><\/div>\n\t\t<\/a>\n\t\t\t\t<div class=\"elementor-post__text\">\n\t\t\t\t<h3 class=\"elementor-post__title\">\n\t\t\t<a href=\"https:\/\/www.cech.nowytarg.pl\/index.php\/2025\/11\/07\/spotkanie-z-zolnierzem-wojskowe-centrum-rekrutacji\/\" >\n\t\t\t\tSpotkanie z \u017co\u0142nierzem &#8211; Wojskowe Centrum Rekrutacji\t\t\t<\/a>\n\t\t<\/h3>\n\t\t\t\t<div class=\"elementor-post__meta-data\">\n\t\t\t\t\t<span class=\"elementor-post-date\">\n\t\t\t07\/11\/2025\t\t<\/span>\n\t\t\t\t<span class=\"elementor-post-time\">\n\t\t\t11:14\t\t<\/span>\n\t\t\t\t<\/div>\n\t\t\t\t<div class=\"elementor-post__excerpt\">\n\t\t\t<p>W dniu 3 listopada br. w naszej szkole go\u015bcili\u015bmy \u017co\u0142nierzy z Wojskowego Centrum Rekrutacji w Nowym Targu. Mundurowi przybli\u017cyli uczniom swoj\u0105 dzia\u0142alno\u015b\u0107 oraz przedstawili mo\u017cliwo\u015bci<\/p>\n\t\t<\/div>\n\t\t\n\t\t<a class=\"elementor-post__read-more\" href=\"https:\/\/www.cech.nowytarg.pl\/index.php\/2025\/11\/07\/spotkanie-z-zolnierzem-wojskowe-centrum-rekrutacji\/\" aria-label=\"Read more about Spotkanie z \u017co\u0142nierzem &#8211; Wojskowe Centrum Rekrutacji\" tabindex=\"-1\" >\n\t\t\tCzytaj dalej \u00bb\t\t<\/a>\n\n\t\t\t\t<\/div>\n\t\t\t\t<\/article>\n\t\t\t\t<\/div>\n\t\t\n\t\t\t\t<div class=\"e-load-more-anchor\" data-page=\"1\" data-max-page=\"12\" data-next-page=\"https:\/\/www.cech.nowytarg.pl\/index.php\/wp-json\/wp\/v2\/pages\/3591\/page\/2\/\"><\/div>\n\t\t\t\t<nav class=\"elementor-pagination\" aria-label=\"Pagination\">\n\t\t\t<span class=\"page-numbers prev\">&laquo; Poprzednie<\/span>\n<span aria-current=\"page\" class=\"page-numbers current\"><span class=\"elementor-screen-only\">Page<\/span>1<\/span>\n<a class=\"page-numbers\" href=\"https:\/\/www.cech.nowytarg.pl\/index.php\/wp-json\/wp\/v2\/pages\/3591\/page\/2\/\"><span class=\"elementor-screen-only\">Page<\/span>2<\/a>\n<a class=\"page-numbers\" href=\"https:\/\/www.cech.nowytarg.pl\/index.php\/wp-json\/wp\/v2\/pages\/3591\/page\/3\/\"><span class=\"elementor-screen-only\">Page<\/span>3<\/a>\n<a class=\"page-numbers next\" href=\"https:\/\/www.cech.nowytarg.pl\/index.php\/wp-json\/wp\/v2\/pages\/3591\/page\/2\/\">Nast\u0119pne &raquo;<\/a>\t\t<\/nav>\n\t\t\t\t<\/div>\n\t\t\t\t<\/div>\n\t\t\t\t\t<\/div>\n\t\t<\/div>\n\t\t\t\t\t\t\t<\/div>\n\t\t<\/section>\n\t\t\t\t\t\t\t<\/div>\n\t\t","protected":false},"excerpt":{"rendered":"<p>Zawodowa Szko\u0142a Bran\u017cowa Wydarzenia<\/p>\n","protected":false},"author":1,"featured_media":0,"parent":0,"menu_order":0,"comment_status":"closed","ping_status":"closed","template":"","meta":{"footnotes":""},"_links":{"self":[{"href":"https:\/\/www.cech.nowytarg.pl\/index.php\/wp-json\/wp\/v2\/pages\/3591"}],"collection":[{"href":"https:\/\/www.cech.nowytarg.pl\/index.php\/wp-json\/wp\/v2\/pages"}],"about":[{"href":"https:\/\/www.cech.nowytarg.pl\/index.php\/wp-json\/wp\/v2\/types\/page"}],"author":[{"embeddable":true,"href":"https:\/\/www.cech.nowytarg.pl\/index.php\/wp-json\/wp\/v2\/users\/1"}],"replies":[{"embeddable":true,"href":"https:\/\/www.cech.nowytarg.pl\/index.php\/wp-json\/wp\/v2\/comments?post=3591"}],"version-history":[{"count":12,"href":"https:\/\/www.cech.nowytarg.pl\/index.php\/wp-json\/wp\/v2\/pages\/3591\/revisions"}],"predecessor-version":[{"id":6172,"href":"https:\/\/www.cech.nowytarg.pl\/index.php\/wp-json\/wp\/v2\/pages\/3591\/revisions\/6172"}],"wp:attachment":[{"href":"https:\/\/www.cech.nowytarg.pl\/index.php\/wp-json\/wp\/v2\/media?parent=3591"}],"curies":[{"name":"wp","href":"https:\/\/api.w.org\/{rel}","templated":true}]}}