{"id":3617,"date":"2021-12-19T21:33:46","date_gmt":"2021-12-19T20:33:46","guid":{"rendered":"https:\/\/www.cech.nowytarg.pl\/?page_id=3617"},"modified":"2023-02-08T17:59:30","modified_gmt":"2023-02-08T16:59:30","slug":"ckz-aktualnosci","status":"publish","type":"page","link":"https:\/\/www.cech.nowytarg.pl\/index.php\/ckz-aktualnosci\/","title":{"rendered":"CKZ &#8211; AKTUALNO\u015aCI"},"content":{"rendered":"\t\t<div data-elementor-type=\"wp-page\" data-elementor-id=\"3617\" class=\"elementor elementor-3617\" data-elementor-post-type=\"page\">\n\t\t\t\t\t\t\t\t\t<section data-particle_enable=\"false\" data-particle-mobile-disabled=\"false\" class=\"elementor-section elementor-top-section elementor-element elementor-element-547e8cc6 elementor-section-height-min-height elementor-section-boxed elementor-section-height-default elementor-section-items-middle\" data-id=\"547e8cc6\" data-element_type=\"section\" data-settings=\"{&quot;background_background&quot;:&quot;gradient&quot;,&quot;shape_divider_bottom&quot;:&quot;waves&quot;}\">\n\t\t\t\t\t\t\t<div class=\"elementor-background-overlay\"><\/div>\n\t\t\t\t\t\t<div class=\"elementor-shape elementor-shape-bottom\" data-negative=\"false\">\n\t\t\t<svg xmlns=\"http:\/\/www.w3.org\/2000\/svg\" viewBox=\"0 0 1000 100\" preserveAspectRatio=\"none\">\n\t<path class=\"elementor-shape-fill\" d=\"M421.9,6.5c22.6-2.5,51.5,0.4,75.5,5.3c23.6,4.9,70.9,23.5,100.5,35.7c75.8,32.2,133.7,44.5,192.6,49.7\n\tc23.6,2.1,48.7,3.5,103.4-2.5c54.7-6,106.2-25.6,106.2-25.6V0H0v30.3c0,0,72,32.6,158.4,30.5c39.2-0.7,92.8-6.7,134-22.4\n\tc21.2-8.1,52.2-18.2,79.7-24.2C399.3,7.9,411.6,7.5,421.9,6.5z\"\/>\n<\/svg>\t\t<\/div>\n\t\t\t\t\t<div class=\"elementor-container elementor-column-gap-default\">\n\t\t\t\t\t<div class=\"elementor-column elementor-col-100 elementor-top-column elementor-element elementor-element-3f237cee\" data-id=\"3f237cee\" data-element_type=\"column\">\n\t\t\t<div class=\"elementor-widget-wrap elementor-element-populated\">\n\t\t\t\t\t\t\t\t<div class=\"elementor-element elementor-element-55fe6525 elementor-widget elementor-widget-heading\" data-id=\"55fe6525\" data-element_type=\"widget\" data-widget_type=\"heading.default\">\n\t\t\t\t<div class=\"elementor-widget-container\">\n\t\t\t<h3 class=\"elementor-heading-title elementor-size-default\">Centrum Kszta\u0142cenia Zawodowego<\/h3>\t\t<\/div>\n\t\t\t\t<\/div>\n\t\t\t\t<div class=\"elementor-element elementor-element-5715e287 elementor-widget elementor-widget-heading\" data-id=\"5715e287\" data-element_type=\"widget\" data-widget_type=\"heading.default\">\n\t\t\t\t<div class=\"elementor-widget-container\">\n\t\t\t<h1 class=\"elementor-heading-title elementor-size-default\">Aktualno\u015bci<\/h1>\t\t<\/div>\n\t\t\t\t<\/div>\n\t\t\t\t\t<\/div>\n\t\t<\/div>\n\t\t\t\t\t\t\t<\/div>\n\t\t<\/section>\n\t\t\t\t<section data-particle_enable=\"false\" data-particle-mobile-disabled=\"false\" class=\"elementor-section elementor-top-section elementor-element elementor-element-5df6516 elementor-section-boxed elementor-section-height-default elementor-section-height-default\" data-id=\"5df6516\" data-element_type=\"section\">\n\t\t\t\t\t\t<div class=\"elementor-container elementor-column-gap-default\">\n\t\t\t\t\t<div class=\"elementor-column elementor-col-100 elementor-top-column elementor-element elementor-element-62978b21\" data-id=\"62978b21\" data-element_type=\"column\">\n\t\t\t<div class=\"elementor-widget-wrap elementor-element-populated\">\n\t\t\t\t\t\t\t\t<div class=\"elementor-element elementor-element-29257020 elementor-grid-3 elementor-grid-tablet-2 elementor-grid-mobile-1 elementor-posts--thumbnail-top elementor-widget elementor-widget-posts\" data-id=\"29257020\" data-element_type=\"widget\" data-settings=\"{&quot;classic_columns&quot;:&quot;3&quot;,&quot;classic_columns_tablet&quot;:&quot;2&quot;,&quot;classic_columns_mobile&quot;:&quot;1&quot;,&quot;classic_row_gap&quot;:{&quot;unit&quot;:&quot;px&quot;,&quot;size&quot;:35,&quot;sizes&quot;:[]},&quot;classic_row_gap_tablet&quot;:{&quot;unit&quot;:&quot;px&quot;,&quot;size&quot;:&quot;&quot;,&quot;sizes&quot;:[]},&quot;classic_row_gap_mobile&quot;:{&quot;unit&quot;:&quot;px&quot;,&quot;size&quot;:&quot;&quot;,&quot;sizes&quot;:[]}}\" data-widget_type=\"posts.classic\">\n\t\t\t\t<div class=\"elementor-widget-container\">\n\t\t\t\t\t<div class=\"elementor-posts-container elementor-posts elementor-posts--skin-classic elementor-grid\">\n\t\t\t\t<article class=\"elementor-post elementor-grid-item post-5865 post type-post status-publish format-standard has-post-thumbnail hentry category-ckz-aktualnosci category-news\">\n\t\t\t\t<a class=\"elementor-post__thumbnail__link\" href=\"https:\/\/www.cech.nowytarg.pl\/index.php\/2025\/04\/08\/kurs-pedagogiczny-dla-instruktorow-praktycznej-nauki-zawodu-6\/\" tabindex=\"-1\" >\n\t\t\t<div class=\"elementor-post__thumbnail\"><img decoding=\"async\" loading=\"lazy\" width=\"300\" height=\"266\" src=\"https:\/\/www.cech.nowytarg.pl\/wp-content\/uploads\/2023\/06\/training-course-g2935cb835_1280-300x266.jpg\" class=\"attachment-medium size-medium wp-image-4927\" alt=\"\" srcset=\"https:\/\/www.cech.nowytarg.pl\/wp-content\/uploads\/2023\/06\/training-course-g2935cb835_1280-300x266.jpg 300w, https:\/\/www.cech.nowytarg.pl\/wp-content\/uploads\/2023\/06\/training-course-g2935cb835_1280-1024x910.jpg 1024w, https:\/\/www.cech.nowytarg.pl\/wp-content\/uploads\/2023\/06\/training-course-g2935cb835_1280-768x682.jpg 768w, https:\/\/www.cech.nowytarg.pl\/wp-content\/uploads\/2023\/06\/training-course-g2935cb835_1280.jpg 1280w\" sizes=\"(max-width: 300px) 100vw, 300px\" \/><\/div>\n\t\t<\/a>\n\t\t\t\t<div class=\"elementor-post__text\">\n\t\t\t\t<h3 class=\"elementor-post__title\">\n\t\t\t<a href=\"https:\/\/www.cech.nowytarg.pl\/index.php\/2025\/04\/08\/kurs-pedagogiczny-dla-instruktorow-praktycznej-nauki-zawodu-6\/\" >\n\t\t\t\tKurs pedagogiczny dla instruktor\u00f3w praktycznej nauki zawodu\t\t\t<\/a>\n\t\t<\/h3>\n\t\t\t\t<div class=\"elementor-post__meta-data\">\n\t\t\t\t\t<span class=\"elementor-post-date\">\n\t\t\t08\/04\/2025\t\t<\/span>\n\t\t\t\t<span class=\"elementor-post-time\">\n\t\t\t13:16\t\t<\/span>\n\t\t\t\t<\/div>\n\t\t\t\t<div class=\"elementor-post__excerpt\">\n\t\t\t<p>Centrum Kszta\u0142cenia Zawodowego Cechu Rzemios\u0142 R\u00f3\u017cnych w Nowym Targu w czerwcu br. organizuje Kurs pedagogiczny dla instruktor\u00f3w praktycznej nauki zawodu. Zapisy w sekretariacie Biura Cechu<\/p>\n\t\t<\/div>\n\t\t\n\t\t<a class=\"elementor-post__read-more\" href=\"https:\/\/www.cech.nowytarg.pl\/index.php\/2025\/04\/08\/kurs-pedagogiczny-dla-instruktorow-praktycznej-nauki-zawodu-6\/\" aria-label=\"Read more about Kurs pedagogiczny dla instruktor\u00f3w praktycznej nauki zawodu\" tabindex=\"-1\" >\n\t\t\tCzytaj dalej \u00bb\t\t<\/a>\n\n\t\t\t\t<\/div>\n\t\t\t\t<\/article>\n\t\t\t\t<article class=\"elementor-post elementor-grid-item post-5861 post type-post status-publish format-standard has-post-thumbnail hentry category-ckz-aktualnosci category-news\">\n\t\t\t\t<a class=\"elementor-post__thumbnail__link\" href=\"https:\/\/www.cech.nowytarg.pl\/index.php\/2025\/04\/07\/szkolenie-bhp-dla-pracownikow-2\/\" tabindex=\"-1\" >\n\t\t\t<div class=\"elementor-post__thumbnail\"><img decoding=\"async\" loading=\"lazy\" width=\"300\" height=\"169\" src=\"https:\/\/www.cech.nowytarg.pl\/wp-content\/uploads\/2024\/02\/hardhat-4274430_1280-300x169.jpg\" class=\"attachment-medium size-medium wp-image-5413\" alt=\"\" srcset=\"https:\/\/www.cech.nowytarg.pl\/wp-content\/uploads\/2024\/02\/hardhat-4274430_1280-300x169.jpg 300w, https:\/\/www.cech.nowytarg.pl\/wp-content\/uploads\/2024\/02\/hardhat-4274430_1280-1024x576.jpg 1024w, https:\/\/www.cech.nowytarg.pl\/wp-content\/uploads\/2024\/02\/hardhat-4274430_1280-768x432.jpg 768w, https:\/\/www.cech.nowytarg.pl\/wp-content\/uploads\/2024\/02\/hardhat-4274430_1280.jpg 1280w\" sizes=\"(max-width: 300px) 100vw, 300px\" \/><\/div>\n\t\t<\/a>\n\t\t\t\t<div class=\"elementor-post__text\">\n\t\t\t\t<h3 class=\"elementor-post__title\">\n\t\t\t<a href=\"https:\/\/www.cech.nowytarg.pl\/index.php\/2025\/04\/07\/szkolenie-bhp-dla-pracownikow-2\/\" >\n\t\t\t\tSzkolenie BHP dla pracownik\u00f3w\t\t\t<\/a>\n\t\t<\/h3>\n\t\t\t\t<div class=\"elementor-post__meta-data\">\n\t\t\t\t\t<span class=\"elementor-post-date\">\n\t\t\t07\/04\/2025\t\t<\/span>\n\t\t\t\t<span class=\"elementor-post-time\">\n\t\t\t14:39\t\t<\/span>\n\t\t\t\t<\/div>\n\t\t\t\t<div class=\"elementor-post__excerpt\">\n\t\t\t<p>14 kwietnia br. (poniedzia\u0142ek) w Centrum Kszta\u0142cenia Zawodowego Cechu Rzemios\u0142 R\u00f3\u017cnych w Nowym Targu odb\u0119dzie si\u0119 szkolenie BHP dla pracownik\u00f3w i uczni\u00f3w. Rozpocz\u0119cie o godz.<\/p>\n\t\t<\/div>\n\t\t\n\t\t<a class=\"elementor-post__read-more\" href=\"https:\/\/www.cech.nowytarg.pl\/index.php\/2025\/04\/07\/szkolenie-bhp-dla-pracownikow-2\/\" aria-label=\"Read more about Szkolenie BHP dla pracownik\u00f3w\" tabindex=\"-1\" >\n\t\t\tCzytaj dalej \u00bb\t\t<\/a>\n\n\t\t\t\t<\/div>\n\t\t\t\t<\/article>\n\t\t\t\t<article class=\"elementor-post elementor-grid-item post-5431 post type-post status-publish format-standard has-post-thumbnail hentry category-ckz-aktualnosci category-news\">\n\t\t\t\t<a class=\"elementor-post__thumbnail__link\" href=\"https:\/\/www.cech.nowytarg.pl\/index.php\/2024\/02\/29\/kurs-pedagogiczny-dla-instruktorow-praktycznej-nauki-zawodu-4\/\" tabindex=\"-1\" >\n\t\t\t<div class=\"elementor-post__thumbnail\"><img decoding=\"async\" loading=\"lazy\" width=\"300\" height=\"266\" src=\"https:\/\/www.cech.nowytarg.pl\/wp-content\/uploads\/2023\/06\/training-course-g2935cb835_1280-300x266.jpg\" class=\"attachment-medium size-medium wp-image-4927\" alt=\"\" srcset=\"https:\/\/www.cech.nowytarg.pl\/wp-content\/uploads\/2023\/06\/training-course-g2935cb835_1280-300x266.jpg 300w, https:\/\/www.cech.nowytarg.pl\/wp-content\/uploads\/2023\/06\/training-course-g2935cb835_1280-1024x910.jpg 1024w, https:\/\/www.cech.nowytarg.pl\/wp-content\/uploads\/2023\/06\/training-course-g2935cb835_1280-768x682.jpg 768w, https:\/\/www.cech.nowytarg.pl\/wp-content\/uploads\/2023\/06\/training-course-g2935cb835_1280.jpg 1280w\" sizes=\"(max-width: 300px) 100vw, 300px\" \/><\/div>\n\t\t<\/a>\n\t\t\t\t<div class=\"elementor-post__text\">\n\t\t\t\t<h3 class=\"elementor-post__title\">\n\t\t\t<a href=\"https:\/\/www.cech.nowytarg.pl\/index.php\/2024\/02\/29\/kurs-pedagogiczny-dla-instruktorow-praktycznej-nauki-zawodu-4\/\" >\n\t\t\t\tKurs pedagogiczny dla instruktor\u00f3w praktycznej nauki zawodu\t\t\t<\/a>\n\t\t<\/h3>\n\t\t\t\t<div class=\"elementor-post__meta-data\">\n\t\t\t\t\t<span class=\"elementor-post-date\">\n\t\t\t29\/02\/2024\t\t<\/span>\n\t\t\t\t<span class=\"elementor-post-time\">\n\t\t\t13:19\t\t<\/span>\n\t\t\t\t<\/div>\n\t\t\t\t<div class=\"elementor-post__excerpt\">\n\t\t\t<p>Centrum Kszta\u0142cenia Zawodowego CRR w Nowym Targu w sierpniu 2024 r. organizuje kurs pedagogiczny dla instruktor\u00f3w praktycznej nauki zawodu. Zapisy w sekretariacie biura Cechu lub<\/p>\n\t\t<\/div>\n\t\t\n\t\t<a class=\"elementor-post__read-more\" href=\"https:\/\/www.cech.nowytarg.pl\/index.php\/2024\/02\/29\/kurs-pedagogiczny-dla-instruktorow-praktycznej-nauki-zawodu-4\/\" aria-label=\"Read more about Kurs pedagogiczny dla instruktor\u00f3w praktycznej nauki zawodu\" tabindex=\"-1\" >\n\t\t\tCzytaj dalej \u00bb\t\t<\/a>\n\n\t\t\t\t<\/div>\n\t\t\t\t<\/article>\n\t\t\t\t<article class=\"elementor-post elementor-grid-item post-5412 post type-post status-publish format-standard has-post-thumbnail hentry category-ckz-aktualnosci category-news\">\n\t\t\t\t<a class=\"elementor-post__thumbnail__link\" href=\"https:\/\/www.cech.nowytarg.pl\/index.php\/2024\/02\/21\/szkolenie-bhp-dla-pracownikow\/\" tabindex=\"-1\" >\n\t\t\t<div class=\"elementor-post__thumbnail\"><img decoding=\"async\" loading=\"lazy\" width=\"300\" height=\"169\" src=\"https:\/\/www.cech.nowytarg.pl\/wp-content\/uploads\/2024\/02\/hardhat-4274430_1280-300x169.jpg\" class=\"attachment-medium size-medium wp-image-5413\" alt=\"\" srcset=\"https:\/\/www.cech.nowytarg.pl\/wp-content\/uploads\/2024\/02\/hardhat-4274430_1280-300x169.jpg 300w, https:\/\/www.cech.nowytarg.pl\/wp-content\/uploads\/2024\/02\/hardhat-4274430_1280-1024x576.jpg 1024w, https:\/\/www.cech.nowytarg.pl\/wp-content\/uploads\/2024\/02\/hardhat-4274430_1280-768x432.jpg 768w, https:\/\/www.cech.nowytarg.pl\/wp-content\/uploads\/2024\/02\/hardhat-4274430_1280.jpg 1280w\" sizes=\"(max-width: 300px) 100vw, 300px\" \/><\/div>\n\t\t<\/a>\n\t\t\t\t<div class=\"elementor-post__text\">\n\t\t\t\t<h3 class=\"elementor-post__title\">\n\t\t\t<a href=\"https:\/\/www.cech.nowytarg.pl\/index.php\/2024\/02\/21\/szkolenie-bhp-dla-pracownikow\/\" >\n\t\t\t\tSzkolenie BHP dla pracownik\u00f3w\t\t\t<\/a>\n\t\t<\/h3>\n\t\t\t\t<div class=\"elementor-post__meta-data\">\n\t\t\t\t\t<span class=\"elementor-post-date\">\n\t\t\t21\/02\/2024\t\t<\/span>\n\t\t\t\t<span class=\"elementor-post-time\">\n\t\t\t09:17\t\t<\/span>\n\t\t\t\t<\/div>\n\t\t\t\t<div class=\"elementor-post__excerpt\">\n\t\t\t<p>Dnia 26 lutego 2024 r. (poniedzia\u0142ek) w Centrum Kszta\u0142cenia Zawodowego Cechu Rzemios\u0142 R\u00f3\u017cnych w Nowym Targu odb\u0119dzie si\u0119 kurs BHP dla pracownik\u00f3w. Zapisy telefonicznie pod<\/p>\n\t\t<\/div>\n\t\t\n\t\t<a class=\"elementor-post__read-more\" href=\"https:\/\/www.cech.nowytarg.pl\/index.php\/2024\/02\/21\/szkolenie-bhp-dla-pracownikow\/\" aria-label=\"Read more about Szkolenie BHP dla pracownik\u00f3w\" tabindex=\"-1\" >\n\t\t\tCzytaj dalej \u00bb\t\t<\/a>\n\n\t\t\t\t<\/div>\n\t\t\t\t<\/article>\n\t\t\t\t<article class=\"elementor-post elementor-grid-item post-4926 post type-post status-publish format-standard has-post-thumbnail hentry category-ckz-aktualnosci\">\n\t\t\t\t<a class=\"elementor-post__thumbnail__link\" href=\"https:\/\/www.cech.nowytarg.pl\/index.php\/2023\/06\/02\/kurs-pedagogiczny-dla-instruktorow-praktycznej-nauki-zawodu-3\/\" tabindex=\"-1\" >\n\t\t\t<div class=\"elementor-post__thumbnail\"><img decoding=\"async\" loading=\"lazy\" width=\"300\" height=\"266\" src=\"https:\/\/www.cech.nowytarg.pl\/wp-content\/uploads\/2023\/06\/training-course-g2935cb835_1280-300x266.jpg\" class=\"attachment-medium size-medium wp-image-4927\" alt=\"\" srcset=\"https:\/\/www.cech.nowytarg.pl\/wp-content\/uploads\/2023\/06\/training-course-g2935cb835_1280-300x266.jpg 300w, https:\/\/www.cech.nowytarg.pl\/wp-content\/uploads\/2023\/06\/training-course-g2935cb835_1280-1024x910.jpg 1024w, https:\/\/www.cech.nowytarg.pl\/wp-content\/uploads\/2023\/06\/training-course-g2935cb835_1280-768x682.jpg 768w, https:\/\/www.cech.nowytarg.pl\/wp-content\/uploads\/2023\/06\/training-course-g2935cb835_1280.jpg 1280w\" sizes=\"(max-width: 300px) 100vw, 300px\" \/><\/div>\n\t\t<\/a>\n\t\t\t\t<div class=\"elementor-post__text\">\n\t\t\t\t<h3 class=\"elementor-post__title\">\n\t\t\t<a href=\"https:\/\/www.cech.nowytarg.pl\/index.php\/2023\/06\/02\/kurs-pedagogiczny-dla-instruktorow-praktycznej-nauki-zawodu-3\/\" >\n\t\t\t\tKurs pedagogiczny dla instruktor\u00f3w praktycznej nauki zawodu\t\t\t<\/a>\n\t\t<\/h3>\n\t\t\t\t<div class=\"elementor-post__meta-data\">\n\t\t\t\t\t<span class=\"elementor-post-date\">\n\t\t\t02\/06\/2023\t\t<\/span>\n\t\t\t\t<span class=\"elementor-post-time\">\n\t\t\t09:33\t\t<\/span>\n\t\t\t\t<\/div>\n\t\t\t\t<div class=\"elementor-post__excerpt\">\n\t\t\t<p>Trwaj\u0105 zapisy na kurs pedagogiczny dla instruktor\u00f3w praktycznej nauki zawodu. Kurs zaczyna si\u0119 1 sierpnia 2023 r. o godzinie 15:00 i trwa do 16 sierpnia<\/p>\n\t\t<\/div>\n\t\t\n\t\t<a class=\"elementor-post__read-more\" href=\"https:\/\/www.cech.nowytarg.pl\/index.php\/2023\/06\/02\/kurs-pedagogiczny-dla-instruktorow-praktycznej-nauki-zawodu-3\/\" aria-label=\"Read more about Kurs pedagogiczny dla instruktor\u00f3w praktycznej nauki zawodu\" tabindex=\"-1\" >\n\t\t\tCzytaj dalej \u00bb\t\t<\/a>\n\n\t\t\t\t<\/div>\n\t\t\t\t<\/article>\n\t\t\t\t<article class=\"elementor-post elementor-grid-item post-4155 post type-post status-publish format-standard has-post-thumbnail hentry category-ckz-aktualnosci\">\n\t\t\t\t<a class=\"elementor-post__thumbnail__link\" href=\"https:\/\/www.cech.nowytarg.pl\/index.php\/2022\/07\/13\/kurs-pedagogiczny-dla-instruktorow-praktycznej-nauki-zawodu-2\/\" tabindex=\"-1\" >\n\t\t\t<div class=\"elementor-post__thumbnail\"><img decoding=\"async\" loading=\"lazy\" width=\"300\" height=\"200\" src=\"https:\/\/www.cech.nowytarg.pl\/wp-content\/uploads\/2022\/07\/man-gd4806bbf0_1920-1-300x200.jpg\" class=\"attachment-medium size-medium wp-image-4157\" alt=\"\" srcset=\"https:\/\/www.cech.nowytarg.pl\/wp-content\/uploads\/2022\/07\/man-gd4806bbf0_1920-1-300x200.jpg 300w, https:\/\/www.cech.nowytarg.pl\/wp-content\/uploads\/2022\/07\/man-gd4806bbf0_1920-1-1024x682.jpg 1024w, https:\/\/www.cech.nowytarg.pl\/wp-content\/uploads\/2022\/07\/man-gd4806bbf0_1920-1-768x512.jpg 768w, https:\/\/www.cech.nowytarg.pl\/wp-content\/uploads\/2022\/07\/man-gd4806bbf0_1920-1-1536x1023.jpg 1536w, https:\/\/www.cech.nowytarg.pl\/wp-content\/uploads\/2022\/07\/man-gd4806bbf0_1920-1.jpg 1920w\" sizes=\"(max-width: 300px) 100vw, 300px\" \/><\/div>\n\t\t<\/a>\n\t\t\t\t<div class=\"elementor-post__text\">\n\t\t\t\t<h3 class=\"elementor-post__title\">\n\t\t\t<a href=\"https:\/\/www.cech.nowytarg.pl\/index.php\/2022\/07\/13\/kurs-pedagogiczny-dla-instruktorow-praktycznej-nauki-zawodu-2\/\" >\n\t\t\t\tKurs pedagogiczny dla instruktor\u00f3w praktycznej nauki zawodu\t\t\t<\/a>\n\t\t<\/h3>\n\t\t\t\t<div class=\"elementor-post__meta-data\">\n\t\t\t\t\t<span class=\"elementor-post-date\">\n\t\t\t13\/07\/2022\t\t<\/span>\n\t\t\t\t<span class=\"elementor-post-time\">\n\t\t\t14:17\t\t<\/span>\n\t\t\t\t<\/div>\n\t\t\t\t<div class=\"elementor-post__excerpt\">\n\t\t\t<p>Trwaj\u0105 zapisy na kurs pedagogiczny dla instruktor\u00f3w praktycznej nauki zawodu. Planowany termin rozpocz\u0119cia to 10.08.2022. godz. 15:00. Kurs obejmuje 10 dni i trwa do 22.08.2022.<\/p>\n\t\t<\/div>\n\t\t\n\t\t<a class=\"elementor-post__read-more\" href=\"https:\/\/www.cech.nowytarg.pl\/index.php\/2022\/07\/13\/kurs-pedagogiczny-dla-instruktorow-praktycznej-nauki-zawodu-2\/\" aria-label=\"Read more about Kurs pedagogiczny dla instruktor\u00f3w praktycznej nauki zawodu\" tabindex=\"-1\" >\n\t\t\tCzytaj dalej \u00bb\t\t<\/a>\n\n\t\t\t\t<\/div>\n\t\t\t\t<\/article>\n\t\t\t\t<\/div>\n\t\t\n\t\t\t\t<\/div>\n\t\t\t\t<\/div>\n\t\t\t\t\t<\/div>\n\t\t<\/div>\n\t\t\t\t\t\t\t<\/div>\n\t\t<\/section>\n\t\t\t\t\t\t\t<\/div>\n\t\t","protected":false},"excerpt":{"rendered":"<p>Centrum Kszta\u0142cenia Zawodowego Aktualno\u015bci<\/p>\n","protected":false},"author":1,"featured_media":0,"parent":0,"menu_order":0,"comment_status":"closed","ping_status":"closed","template":"","meta":{"footnotes":""},"_links":{"self":[{"href":"https:\/\/www.cech.nowytarg.pl\/index.php\/wp-json\/wp\/v2\/pages\/3617"}],"collection":[{"href":"https:\/\/www.cech.nowytarg.pl\/index.php\/wp-json\/wp\/v2\/pages"}],"about":[{"href":"https:\/\/www.cech.nowytarg.pl\/index.php\/wp-json\/wp\/v2\/types\/page"}],"author":[{"embeddable":true,"href":"https:\/\/www.cech.nowytarg.pl\/index.php\/wp-json\/wp\/v2\/users\/1"}],"replies":[{"embeddable":true,"href":"https:\/\/www.cech.nowytarg.pl\/index.php\/wp-json\/wp\/v2\/comments?post=3617"}],"version-history":[{"count":6,"href":"https:\/\/www.cech.nowytarg.pl\/index.php\/wp-json\/wp\/v2\/pages\/3617\/revisions"}],"predecessor-version":[{"id":4550,"href":"https:\/\/www.cech.nowytarg.pl\/index.php\/wp-json\/wp\/v2\/pages\/3617\/revisions\/4550"}],"wp:attachment":[{"href":"https:\/\/www.cech.nowytarg.pl\/index.php\/wp-json\/wp\/v2\/media?parent=3617"}],"curies":[{"name":"wp","href":"https:\/\/api.w.org\/{rel}","templated":true}]}}